{"id":18,"date":"2021-05-10T09:35:25","date_gmt":"2021-05-10T07:35:25","guid":{"rendered":"http:\/\/sp84.openworld24.pl\/?page_id=18"},"modified":"2026-01-10T18:00:56","modified_gmt":"2026-01-10T17:00:56","slug":"kadra","status":"publish","type":"page","link":"https:\/\/sp84.poznan.pl\/index.php\/o-nas\/kadra\/","title":{"rendered":"Kadra"},"content":{"rendered":"\n<p class=\"has-text-align-center has-text-color has-link-color wp-elements-2f7e6c9663a0d25408d71437ff11c04f\" style=\"color:#224363;font-size:22px\"><strong>&nbsp;DYREKTOR<\/strong><\/p>\n\n\n\n<p class=\"has-text-align-center\" style=\"font-size:18px\">Aleksandra Stachowska<\/p>\n\n\n\n<p class=\"has-text-align-center has-text-color has-link-color wp-elements-06a28bcfef1b605bd0cfdb416e822157\" style=\"color:#224363;font-size:22px\"><strong>WICEDYREKTORZY<\/strong><\/p>\n\n\n\n<p class=\"has-text-align-center\" style=\"font-size:18px\">Natalia Ampu\u0142a-Wo\u017aniak<\/p>\n\n\n\n<p class=\"has-text-align-center\" style=\"font-size:18px\">Natalia Suszy\u0144ska-Kamyszek<\/p>\n\n\n\n<h2 class=\"wp-block-heading has-text-align-center has-text-color has-link-color wp-elements-6ff0d1fb185ef94422884a210370241c\" style=\"color:#224363;font-size:22px\"><strong>&nbsp;NAUCZANIE POCZ\u0104TKOWE<\/strong><\/h2>\n\n\n\n<p class=\"has-text-align-center\" style=\"font-size:18px\">&nbsp; Hanna Dorsz&nbsp; &nbsp;<\/p>\n\n\n\n<p class=\"has-text-align-center\" style=\"font-size:18px\">Danuta Kaczmarek<\/p>\n\n\n\n<p class=\"has-text-align-center\" style=\"font-size:18px\">El\u017cbieta Kmita<\/p>\n\n\n\n<p class=\"has-text-align-center\" style=\"font-size:18px\">&nbsp;Marta Marciniak<\/p>\n\n\n\n<p class=\"has-text-align-center\">Klaudyna Nowicka<\/p>\n\n\n\n<p class=\"has-text-align-center\" style=\"font-size:18px\">Natalia Stoga- K\u0142ak&nbsp;<\/p>\n\n\n\n<p class=\"has-text-align-center\" style=\"font-size:18px\">Magdalena Szczepaniak<\/p>\n\n\n\n<p class=\"has-text-align-center\" style=\"font-size:18px\">Katarzyna St\u0119pie\u0144<\/p>\n\n\n\n<p class=\"has-text-align-center\">Natalia Wo\u017aniak<\/p>\n\n\n\n<p class=\"has-text-align-center has-text-color has-link-color has-medium-font-size wp-elements-425beaaafbb7448cf7151df4cc3fdaac\" style=\"color:#224363\"><strong>J\u0118ZYK POLSKI<\/strong><\/p>\n\n\n\n<p class=\"has-text-align-center\" style=\"font-size:18px\">Magdalena Post\u00f3\u0142<\/p>\n\n\n\n<p class=\"has-text-align-center\" style=\"font-size:18px\">Katarzyna Sobolewska<\/p>\n\n\n\n<p class=\"has-text-align-center\" style=\"font-size:18px\">Maria Marciniak&nbsp;<\/p>\n\n\n\n<p class=\"has-text-align-center has-text-color has-link-color wp-elements-b8d7e6a491c3ccfdd230e40b0f1bfb63\" style=\"color:#224363;font-size:22px\"><strong>J\u0118ZYK ANGIELSKI<\/strong><\/p>\n\n\n\n<p class=\"has-text-align-center\" style=\"font-size:18px\">Pawe\u0142 Klimczak<\/p>\n\n\n\n<p class=\"has-text-align-center\" style=\"font-size:18px\">Milena Mondzik-Repczy\u0144ska<\/p>\n\n\n\n<p class=\"has-text-align-center\" style=\"font-size:18px\">Paulina Pilc<\/p>\n\n\n\n<p class=\"has-text-align-center\" style=\"font-size:18px\">Natalia Ampu\u0142a-Wo\u017aniak<\/p>\n\n\n\n<p class=\"has-text-align-center\" style=\"font-size:18px\">Olha Yurchuk<\/p>\n\n\n\n<p class=\"has-text-align-center has-text-color has-link-color wp-elements-2b6fda6af420d1d7f2ea40cdebf91959\" style=\"color:#224363;font-size:22px\"><strong>J\u0118ZYK NIEMIECKI<\/strong><\/p>\n\n\n\n<p class=\"has-text-align-center\" style=\"font-size:18px\">Ilona D\u0105browska<\/p>\n\n\n\n<p class=\"has-text-align-center\" style=\"font-size:18px\">Aleksandra Stachowska<\/p>\n\n\n\n<p class=\"has-text-align-center\" style=\"font-size:18px\">Mariusz Wi\u015bniewski<\/p>\n\n\n\n<p class=\"has-text-align-center has-text-color has-link-color wp-elements-3e08a82758eaf2235a6c8129a3401282\" style=\"color:#224363;font-size:22px\"><strong>BIOLOGIA<\/strong><\/p>\n\n\n\n<p class=\"has-text-align-center\" style=\"font-size:18px\">Ilona D\u0105browska<\/p>\n\n\n\n<p class=\"has-text-align-center\">Vanessa Rzewnicka<\/p>\n\n\n\n<p class=\"has-text-align-center has-text-color has-link-color wp-elements-3e77be7006ee5dfb3d0e8bb6c123ad5c\" style=\"color:#224363;font-size:22px\"><strong>\u015aWIETLICA<\/strong><\/p>\n\n\n\n<p class=\"has-text-align-center\" style=\"font-size:18px\">Maria Ciemi\u0144ska&nbsp;<\/p>\n\n\n\n<p class=\"has-text-align-center\" style=\"font-size:18px\">Hanna Dorsz<\/p>\n\n\n\n<p class=\"has-text-align-center\" style=\"font-size:18px\">Agnieszka Gerszendorf<\/p>\n\n\n\n<p class=\"has-text-align-center\" style=\"font-size:18px\">Irena Roemert &#8211; Ciomborowska<\/p>\n\n\n\n<p class=\"has-text-align-center\" style=\"font-size:18px\">Natalia Suszy\u0144ska- Kamyszek<\/p>\n\n\n\n<p class=\"has-text-align-center\" style=\"font-size:18px\">Katarzyna St\u0119pie\u0144<\/p>\n\n\n\n<p class=\"has-text-align-center\" style=\"font-size:18px\">Hanna Kowalska<\/p>\n\n\n\n<p class=\"has-text-align-center\" style=\"font-size:18px\">Anna Krychowska<\/p>\n\n\n\n<p class=\"has-text-align-center\" style=\"font-size:18px\">Karolina Radziejewska<\/p>\n\n\n\n<p class=\"has-text-align-center\" style=\"font-size:18px\">Oksana Smoli\u0144ska<\/p>\n\n\n\n<p class=\"has-text-align-center\" style=\"font-size:18px\">Joanna Sz\u00f3stak<\/p>\n\n\n\n<p class=\"has-text-align-center has-text-color has-link-color wp-elements-fa88bae77bdd91f003b1cbe0ff3b16bf\" style=\"color:#224363;font-size:22px\"><strong>BIBLIOTEKA<\/strong><\/p>\n\n\n\n<p class=\"has-text-align-center\" style=\"font-size:18px\">Monika Wi\u015bniewska<\/p>\n\n\n\n<p class=\"has-text-align-center has-text-color has-link-color wp-elements-7f1488cde1ecaf3417a375ab76e25f2d\" style=\"color:#224363;font-size:22px\"><strong>J\u0118ZYK POLSKI DLA OBCOKRAJOWC\u00d3W<\/strong><\/p>\n\n\n\n<p class=\"has-text-align-center\" style=\"font-size:18px\">Magdalena Szczepaniak<\/p>\n\n\n\n<p class=\"has-text-align-center\" style=\"font-size:18px\">Maria Marciniak<\/p>\n\n\n\n<p class=\"has-text-align-center has-text-color has-link-color wp-elements-e71dcd785bdd8aea5f935b0884a90a52\" style=\"color:#224363;font-size:22px\"><strong>NAUCZYCIEL WSP\u00d3\u0141ORGANIZUJ\u0104CY KSZTA\u0141CENIE<\/strong><\/p>\n\n\n\n<p class=\"has-text-align-center\" style=\"font-size:18px\">&nbsp; Joanna Biernaczyk<\/p>\n\n\n\n<p class=\"has-text-align-center\" style=\"font-size:18px\">Hanna Dorsz<\/p>\n\n\n\n<p class=\"has-text-align-center\" style=\"font-size:18px\">Anna Kami\u0144ska<\/p>\n\n\n\n<p class=\"has-text-align-center\" style=\"font-size:18px\">Hanna Kowalska<\/p>\n\n\n\n<p class=\"has-text-align-center\" style=\"font-size:18px\">Luiza Kwiatek<\/p>\n\n\n\n<p class=\"has-text-align-center\" style=\"font-size:18px\">Joanna Kici\u0144ska<\/p>\n\n\n\n<p class=\"has-text-align-center\" style=\"font-size:18px\">Joanna Pakulska<\/p>\n\n\n\n<p class=\"has-text-align-center\" style=\"font-size:18px\">Agata Pieczy\u0144ska &#8211; B\u0105czyk<\/p>\n\n\n\n<p class=\"has-text-align-center\" style=\"font-size:18px\">Alina Szparaga<\/p>\n\n\n\n<p class=\"has-text-align-center\" style=\"font-size:18px\">Karina Witkowska &#8211; Choma<\/p>\n\n\n\n<p class=\"has-text-align-center has-text-color has-link-color wp-elements-b0e20d7a4f46e7a04dde183b572d73f1\" style=\"color:#224363;font-size:22px\"><strong>FIZYKA<\/strong><\/p>\n\n\n\n<p class=\"has-text-align-center\" style=\"font-size:18px\">Agata G\u0142uszek<\/p>\n\n\n\n<p class=\"has-text-align-center has-text-color has-link-color wp-elements-7f89f233b313e5ea35352e8c36db6249\" style=\"color:#224363;font-size:22px\"><strong>CHEMIA<\/strong><\/p>\n\n\n\n<p class=\"has-text-align-center has-black-color has-text-color has-link-color wp-elements-e7841d4fdeaaa4ecb0b89584e3e3bd99\" style=\"font-size:18px\">Magdalena Depka<\/p>\n\n\n\n<p class=\"has-text-align-center has-text-color has-link-color wp-elements-d5a6fd9ac089985bb2e31f7aa7e99023\" style=\"color:#224363;font-size:22px\"><strong>GEOGRAFIA<\/strong><\/p>\n\n\n\n<p class=\"has-text-align-center\" style=\"font-size:18px\">Agnieszka Plewi\u0144ska<\/p>\n\n\n\n<p class=\"has-text-align-center has-text-color has-link-color wp-elements-ff3e46644031eec84f89426eee3e9a43\" style=\"color:#224363;font-size:22px\"><strong>HISTORIA<\/strong><\/p>\n\n\n\n<p class=\"has-text-align-center\" style=\"font-size:18px\">Hanna Krych&nbsp;<\/p>\n\n\n\n<p class=\"has-text-align-center\" style=\"font-size:18px\">Katarzyna Spych<\/p>\n\n\n\n<p class=\"has-text-align-center\" style=\"font-size:18px\">Dawid Szulc<\/p>\n\n\n\n<p class=\"has-text-align-center has-text-color has-link-color wp-elements-b4df05c43b601c369e36654afa75f965\" style=\"color:#224363;font-size:22px\"><strong>WIEDZA O SPO\u0141ECZE\u0143STWIE<\/strong><\/p>\n\n\n\n<p class=\"has-text-align-center\" style=\"font-size:18px\">Dawid Szulc<\/p>\n\n\n\n<p class=\"has-text-align-center has-text-color has-link-color wp-elements-fd7852d1e1c670b0f346411f9032e01c\" style=\"color:#224363;font-size:22px\"><strong>MATEMATYKA<\/strong><\/p>\n\n\n\n<p class=\"has-text-align-center\" style=\"font-size:18px\">Agata G\u0142uszek<\/p>\n\n\n\n<p class=\"has-text-align-center\" style=\"font-size:18px\">Magdalena Sikorska<\/p>\n\n\n\n<p class=\"has-text-align-center\" style=\"font-size:18px\">Anna Tobiasiewicz<\/p>\n\n\n\n<p class=\"has-text-align-center has-text-color has-link-color wp-elements-ad9d04c8297f18f95c770b76e7983c0b\" style=\"color:#224363;font-size:22px\"><strong>PRZYRODA<\/strong><\/p>\n\n\n\n<p class=\"has-text-align-center\" style=\"font-size:18px\">Joanna Biernaczyk<\/p>\n\n\n\n<p class=\"has-text-align-center\" style=\"font-size:18px\">Joanna Pakulska<\/p>\n\n\n\n<p class=\"has-text-align-center\" style=\"font-size:18px\">Jolanta Zakrzewska<\/p>\n\n\n\n<p class=\"has-text-align-center has-text-color has-link-color wp-elements-d5619edeceb85b642954af18e407d3bf\" style=\"color:#224363;font-size:22px\"><strong>PLASTYKA<\/strong><\/p>\n\n\n\n<p class=\"has-text-align-center\" style=\"font-size:18px\">Natalia Jask\u00f3lska<\/p>\n\n\n\n<p class=\"has-text-align-center has-text-color has-link-color wp-elements-89e166310ac10fa1926e354de0825b07\" style=\"color:#224363;font-size:22px\"><strong>TECHNIKA<\/strong><\/p>\n\n\n\n<p class=\"has-text-align-center\" style=\"font-size:18px\">Natalia Jask\u00f3lska<\/p>\n\n\n\n<p class=\"has-text-align-center has-text-color has-link-color wp-elements-b50b84a31b9b2c3cdb95c8d7637789e9\" style=\"color:#224363;font-size:22px\"><strong>MUZYKA<\/strong><\/p>\n\n\n\n<p class=\"has-text-align-center\" style=\"font-size:18px\">Mariusz Wi\u015bniewski<\/p>\n\n\n\n<p class=\"has-text-align-center has-text-color has-link-color wp-elements-a6113221afb4bd0c219a5557f11d7326\" style=\"color:#224363;font-size:22px\"><strong>INFORMATYKA<\/strong><\/p>\n\n\n\n<p class=\"has-text-align-center\" style=\"font-size:18px\">Katarzyna Spych<\/p>\n\n\n\n<p class=\"has-text-align-center\" style=\"font-size:18px\">Krzysztof Krawczyk<\/p>\n\n\n\n<p class=\"has-text-align-center has-text-color has-link-color wp-elements-ab378304c8467fbcb947bf1a383be4ea\" style=\"color:#224363;font-size:22px\"><strong>EDUKACJA DLA BEZPIECZE\u0143STWA<\/strong><\/p>\n\n\n\n<p class=\"has-text-align-center\" style=\"font-size:18px\">Robert Sawicki<\/p>\n\n\n\n<p class=\"has-text-align-center has-text-color has-link-color wp-elements-9dfeb5a7c54dd3b883b6913023ec7b3a\" style=\"color:#224363;font-size:22px\"><strong>EDUKACJA ZDROWOTNA<\/strong><\/p>\n\n\n\n<p class=\"has-text-align-center\" style=\"font-size:18px\">Vanessa Rzewnicka<\/p>\n\n\n\n<p class=\"has-text-align-center has-text-color has-link-color wp-elements-8c817dc7b6ec8a36721fcdee0d5d7706\" style=\"color:#224363;font-size:22px\"><strong>RELIGIA<\/strong><\/p>\n\n\n\n<p class=\"has-text-align-center\" style=\"font-size:18px\">Rozalia Hagiel (s. Natalia)<\/p>\n\n\n\n<p class=\"has-text-align-center\" style=\"font-size:18px\">Anna Suszy\u0144ska<\/p>\n\n\n\n<p class=\"has-text-align-center has-text-color has-link-color wp-elements-0484e58dd67794663c609e0e597d0bce\" style=\"color:#224363;font-size:22px\"><strong>ETYKA<\/strong><\/p>\n\n\n\n<p class=\"has-text-align-center\" style=\"font-size:18px\">Joanna Biernaczyk<\/p>\n\n\n\n<p class=\"has-text-align-center\" style=\"font-size:18px\">Dawid Szulc<\/p>\n\n\n\n<p class=\"has-text-align-center\" style=\"font-size:18px\">Joanna Sz\u00f3stak<\/p>\n\n\n\n<p class=\"has-text-align-center\" style=\"font-size:18px\">Katarzyna St\u0119pie\u0144<\/p>\n\n\n\n<p class=\"has-text-align-center has-text-color has-link-color wp-elements-662528fde4261562f4d68d6c8bcf744d\" style=\"color:#224363;font-size:22px\"><strong>WYCHOWANIE FIZYCZNE<\/strong><\/p>\n\n\n\n<p class=\"has-text-align-center\" style=\"font-size:18px\">Michalina Bartkowiak<\/p>\n\n\n\n<p class=\"has-text-align-center\" style=\"font-size:18px\">Dorota Frankiewicz<\/p>\n\n\n\n<p class=\"has-text-align-center\" style=\"font-size:18px\">Janusz Jankowiak<\/p>\n\n\n\n<p class=\"has-text-align-center\" style=\"font-size:18px\">Ignacy Szulc<\/p>\n\n\n\n<p class=\"has-text-align-center has-text-color has-link-color wp-elements-32a50bce927b14ce0adebba45c6c5264\" style=\"color:#224363;font-size:22px\"><strong>DORADZTWO ZAWODOWE<\/strong><\/p>\n\n\n\n<p class=\"has-text-align-center\" style=\"font-size:18px\">Joanna Sz\u00f3stak<\/p>\n\n\n\n<p class=\"has-text-align-center has-text-color has-link-color wp-elements-57926dade4aa49b65aec211e586ad6f1\" style=\"color:#224363;font-size:22px\"><strong>PEDAGOG<\/strong><\/p>\n\n\n\n<p class=\"has-text-align-center\" style=\"font-size:18px\">Agnieszka Nawrocka<\/p>\n\n\n\n<p class=\"has-text-align-center\" style=\"font-size:18px\">Karina Witkowska-Choma<\/p>\n\n\n\n<p class=\"has-text-align-center\" style=\"font-size:18px\">Klaudyna Nowicka<\/p>\n\n\n\n<p class=\"has-text-align-center has-text-color has-link-color wp-elements-e8aeb39ef05fb1c70b280a536b7dc93c\" style=\"color:#224363;font-size:22px\"><strong>&nbsp;PSYCHOLOG<\/strong><\/p>\n\n\n\n<p class=\"has-text-align-center\" style=\"font-size:18px\">Dominika Kluj<\/p>\n\n\n\n<p class=\"has-text-align-center\" style=\"font-size:18px\">Marianna Kuik-Karwacka<\/p>\n\n\n\n<p class=\"has-text-align-center has-text-color has-link-color wp-elements-c7969fce82ab7422f2456057e6f69767\" style=\"color:#224363;font-size:22px\"><strong>PEDAGOG SPECJALNY<\/strong><\/p>\n\n\n\n<p class=\"has-text-align-center\" style=\"font-size:18px\">Karina Witkowska &#8211; Choma<\/p>\n\n\n\n<p><\/p>\n\n\n\n<p><\/p>\n\n\n\n<p>&nbsp;&nbsp;\n\n\n<\/p>\n<p><!-- \/wp:post-content --><\/p>\n<p><!-- wp:paragraph --><\/p>\n<p><!-- \/wp:paragraph --><\/p>\n<p><!-- wp:paragraph --><\/p>\n<p><!-- \/wp:paragraph --><\/p>\n<p><!-- wp:paragraph --><\/p>\n<p><!-- \/wp:paragraph --><\/p>\n<p><!-- wp:paragraph --><\/p>\n<p><!-- \/wp:paragraph --><\/p>\n<p><!-- wp:paragraph --><\/p>\n<p><!-- \/wp:paragraph --><\/p>","protected":false},"excerpt":{"rendered":"<p>&nbsp;DYREKTOR Aleksandra Stachowska WICEDYREKTORZY Natalia Ampu\u0142a-Wo\u017aniak Natalia Suszy\u0144ska-Kamyszek &nbsp;NAUCZANIE POCZ\u0104TKOWE &nbsp; Hanna Dorsz&nbsp; &nbsp; Danuta Kaczmarek El\u017cbieta Kmita &nbsp;Marta Marciniak Klaudyna Nowicka Natalia Stoga- K\u0142ak&nbsp; Magdalena Szczepaniak Katarzyna St\u0119pie\u0144 Natalia Wo\u017aniak J\u0118ZYK POLSKI Magdalena Post\u00f3\u0142 Katarzyna Sobolewska Maria Marciniak&nbsp; J\u0118ZYK ANGIELSKI Pawe\u0142 Klimczak Milena Mondzik-Repczy\u0144ska Paulina Pilc Natalia Ampu\u0142a-Wo\u017aniak Olha Yurchuk J\u0118ZYK NIEMIECKI Ilona D\u0105browska [&hellip;]<\/p>\n","protected":false},"author":1,"featured_media":371,"parent":14,"menu_order":0,"comment_status":"closed","ping_status":"closed","template":"","meta":{"footnotes":""},"class_list":["post-18","page","type-page","status-publish","has-post-thumbnail","hentry"],"_links":{"self":[{"href":"https:\/\/sp84.poznan.pl\/index.php\/wp-json\/wp\/v2\/pages\/18","targetHints":{"allow":["GET"]}}],"collection":[{"href":"https:\/\/sp84.poznan.pl\/index.php\/wp-json\/wp\/v2\/pages"}],"about":[{"href":"https:\/\/sp84.poznan.pl\/index.php\/wp-json\/wp\/v2\/types\/page"}],"author":[{"embeddable":true,"href":"https:\/\/sp84.poznan.pl\/index.php\/wp-json\/wp\/v2\/users\/1"}],"replies":[{"embeddable":true,"href":"https:\/\/sp84.poznan.pl\/index.php\/wp-json\/wp\/v2\/comments?post=18"}],"version-history":[{"count":219,"href":"https:\/\/sp84.poznan.pl\/index.php\/wp-json\/wp\/v2\/pages\/18\/revisions"}],"predecessor-version":[{"id":5640,"href":"https:\/\/sp84.poznan.pl\/index.php\/wp-json\/wp\/v2\/pages\/18\/revisions\/5640"}],"up":[{"embeddable":true,"href":"https:\/\/sp84.poznan.pl\/index.php\/wp-json\/wp\/v2\/pages\/14"}],"wp:featuredmedia":[{"embeddable":true,"href":"https:\/\/sp84.poznan.pl\/index.php\/wp-json\/wp\/v2\/media\/371"}],"wp:attachment":[{"href":"https:\/\/sp84.poznan.pl\/index.php\/wp-json\/wp\/v2\/media?parent=18"}],"curies":[{"name":"wp","href":"https:\/\/api.w.org\/{rel}","templated":true}]}}